{"id":2460,"date":"2025-10-10T17:23:49","date_gmt":"2025-10-10T21:23:49","guid":{"rendered":"https:\/\/www.agencemediatis.com\/?page_id=2460"},"modified":"2025-10-10T17:31:50","modified_gmt":"2025-10-10T21:31:50","slug":"creation-et-mise-en-page-de-magazines-journaux-et-livres","status":"publish","type":"page","link":"https:\/\/www.agencemediatis.com\/en\/creation-et-mise-en-page-de-magazines-journaux-et-livres\/","title":{"rendered":"Cr\u00e9ation et mise en page de magazines, journaux et livres"},"content":{"rendered":"<div data-elementor-type=\"wp-page\" data-elementor-id=\"2460\" class=\"elementor elementor-2460\" data-elementor-post-type=\"page\">\n\t\t\t\t<div class=\"elementor-element elementor-element-125ae1a e-flex e-con-boxed e-con e-parent\" data-id=\"125ae1a\" data-element_type=\"container\">\n\t\t\t\t\t<div class=\"e-con-inner\">\n\t\t\t\t<div class=\"elementor-element elementor-element-5f97014 elementor-widget elementor-widget-text-editor\" data-id=\"5f97014\" data-element_type=\"widget\" data-widget_type=\"text-editor.default\">\n\t\t\t\t\t\t\t\t\t<h3>Cr\u00e9ation et mise en page de magazines, journaux et livres \u00e0 Magog, Sherbrooke et Montr\u00e9al<\/h3>\t\t\t\t\t\t\t\t<\/div>\n\t\t\t\t\t<\/div>\n\t\t\t\t<\/div>\n\t\t<div class=\"elementor-element elementor-element-3f7ed41 e-flex e-con-boxed e-con e-parent\" data-id=\"3f7ed41\" data-element_type=\"container\">\n\t\t\t\t\t<div class=\"e-con-inner\">\n\t\t\t\t<div class=\"elementor-element elementor-element-183f530 elementor-widget elementor-widget-image\" data-id=\"183f530\" data-element_type=\"widget\" data-widget_type=\"image.default\">\n\t\t\t\t\t\t\t\t\t\t\t\t\t\t\t<img fetchpriority=\"high\" decoding=\"async\" width=\"768\" height=\"500\" src=\"https:\/\/www.agencemediatis.com\/wp-content\/uploads\/2025\/07\/Capture-decran-le-2025-07-04-a-12.02.04.png\" class=\"attachment-full size-full wp-image-2401\" alt=\"\" srcset=\"https:\/\/www.agencemediatis.com\/wp-content\/uploads\/2025\/07\/Capture-decran-le-2025-07-04-a-12.02.04.png 768w, https:\/\/www.agencemediatis.com\/wp-content\/uploads\/2025\/07\/Capture-decran-le-2025-07-04-a-12.02.04-500x326.png 500w, https:\/\/www.agencemediatis.com\/wp-content\/uploads\/2025\/07\/Capture-decran-le-2025-07-04-a-12.02.04-300x195.png 300w, https:\/\/www.agencemediatis.com\/wp-content\/uploads\/2025\/07\/Capture-decran-le-2025-07-04-a-12.02.04-18x12.png 18w, https:\/\/www.agencemediatis.com\/wp-content\/uploads\/2025\/07\/Capture-decran-le-2025-07-04-a-12.02.04-115x75.png 115w, https:\/\/www.agencemediatis.com\/wp-content\/uploads\/2025\/07\/Capture-decran-le-2025-07-04-a-12.02.04-480x313.png 480w\" sizes=\"(max-width: 768px) 100vw, 768px\" \/>\t\t\t\t\t\t\t\t\t\t\t\t\t\t\t<\/div>\n\t\t\t\t\t<\/div>\n\t\t\t\t<\/div>\n\t\t<div class=\"elementor-element elementor-element-180b65d e-flex e-con-boxed e-con e-parent\" data-id=\"180b65d\" data-element_type=\"container\">\n\t\t\t\t\t<div class=\"e-con-inner\">\n\t\t\t\t<div class=\"elementor-element elementor-element-938d6d4 elementor-widget elementor-widget-text-editor\" data-id=\"938d6d4\" data-element_type=\"widget\" data-widget_type=\"text-editor.default\">\n\t\t\t\t\t\t\t\t\t<h4 data-start=\"1442\" data-end=\"1817\">Chez <strong data-start=\"1447\" data-end=\"1466\">Agence M\u00e9diatis<\/strong>, nous mettons plus de <strong data-start=\"1489\" data-end=\"1542\">20 ans d\u2019exp\u00e9rience en conception et mise en page<\/strong> de produits d\u2019\u00e9dition au service de vos projets.<br data-start=\"1591\" data-end=\"1594\" \/><br \/>Que vous souhaitiez cr\u00e9er un <strong data-start=\"1623\" data-end=\"1698\">magazine professionnel, un livre d\u2019entreprise, un catalogue de produits<\/strong> ou un <strong data-start=\"1705\" data-end=\"1727\">journal corporatif<\/strong>, nous vous accompagnons \u00e0 chaque \u00e9tape \u2014 de la structure graphique \u00e0 l\u2019impression finale.<\/h4><h4 data-start=\"1819\" data-end=\"2117\">Nos graphistes et maquettistes professionnels con\u00e7oivent des publications \u00e0 la fois <strong data-start=\"1903\" data-end=\"1969\">esth\u00e9tiques, lisibles et coh\u00e9rentes avec votre image de marque<\/strong>.<br data-start=\"1970\" data-end=\"1973\" \/><br \/>Chaque projet est pens\u00e9 sur mesure, avec une attention particuli\u00e8re \u00e0 la <strong data-start=\"2046\" data-end=\"2085\">typographie, la hi\u00e9rarchie visuelle<\/strong> et l\u2019<strong data-start=\"2091\" data-end=\"2116\">harmonie des couleurs<\/strong>.<\/h4><h4 data-start=\"2119\" data-end=\"2285\">Bas\u00e9s \u00e0 <strong data-start=\"2127\" data-end=\"2136\">Magog<\/strong>, nous collaborons avec des clients \u00e0 <strong data-start=\"2174\" data-end=\"2241\">Sherbrooke, Montr\u00e9al, dans toute l\u2019Estrie et ailleurs au Qu\u00e9bec<\/strong>, toujours avec la m\u00eame exigence de qualit\u00e9.<\/h4>\t\t\t\t\t\t\t\t<\/div>\n\t\t\t\t\t<\/div>\n\t\t\t\t<\/div>\n\t\t<div class=\"elementor-element elementor-element-021e8ef e-flex e-con-boxed e-con e-parent\" data-id=\"021e8ef\" data-element_type=\"container\">\n\t\t\t\t\t<div class=\"e-con-inner\">\n\t\t<div class=\"elementor-element elementor-element-f4f93eb e-con-full e-flex e-con e-child\" data-id=\"f4f93eb\" data-element_type=\"container\">\n\t\t\t\t<div class=\"elementor-element elementor-element-f22c005 elementor-widget elementor-widget-text-editor\" data-id=\"f22c005\" data-element_type=\"widget\" data-widget_type=\"text-editor.default\">\n\t\t\t\t\t\t\t\t\t<h3 data-start=\"2292\" data-end=\"2348\"><strong data-start=\"2296\" data-end=\"2348\">Notre expertise en \u00e9dition imprim\u00e9e<\/strong><\/h3><ul data-start=\"2349\" data-end=\"2660\"><li data-start=\"2349\" data-end=\"2404\"><h4 data-start=\"2351\" data-end=\"2404\">Cr\u00e9ation de <strong data-start=\"2363\" data-end=\"2402\">magazines et catalogues de produits<\/strong><\/h4><\/li><li data-start=\"2405\" data-end=\"2471\"><h4 data-start=\"2407\" data-end=\"2471\">Mise en page de <strong data-start=\"2423\" data-end=\"2469\">livres, brochures et journaux d\u2019entreprise<\/strong><\/h4><\/li><li data-start=\"2472\" data-end=\"2540\"><h4 data-start=\"2474\" data-end=\"2540\">Conception de <strong data-start=\"2488\" data-end=\"2538\">guides, rapports annuels et bulletins internes<\/strong><\/h4><\/li><li data-start=\"2541\" data-end=\"2600\"><h4 data-start=\"2543\" data-end=\"2600\">Coordination graphique avec imprimeurs et distributeurs<\/h4><\/li><li data-start=\"2601\" data-end=\"2660\"><h4 data-start=\"2603\" data-end=\"2660\">Optimisation du contenu et coh\u00e9rence visuelle de marque<\/h4><\/li><\/ul>\t\t\t\t\t\t\t\t<\/div>\n\t\t\t\t<\/div>\n\t\t<div class=\"elementor-element elementor-element-71a8a0c e-con-full e-flex e-con e-child\" data-id=\"71a8a0c\" data-element_type=\"container\">\n\t\t\t\t<div class=\"elementor-element elementor-element-55df6b5 elementor-widget elementor-widget-text-editor\" data-id=\"55df6b5\" data-element_type=\"widget\" data-widget_type=\"text-editor.default\">\n\t\t\t\t\t\t\t\t\t<h3 data-start=\"2292\" data-end=\"2348\"><strong data-start=\"2296\" data-end=\"2348\">Pourquoi choisir Agence M\u00e9diatis<\/strong><\/h3><ul><li data-start=\"2714\" data-end=\"2772\"><h4 data-start=\"2716\" data-end=\"2772\">20 ans d\u2019expertise dans l\u2019\u00e9dition et le design imprim\u00e9<\/h4><\/li><li data-start=\"2773\" data-end=\"2821\"><h4 data-start=\"2775\" data-end=\"2821\">Respect rigoureux de vos d\u00e9lais et exigences<\/h4><\/li><li data-start=\"2822\" data-end=\"2882\"><h4 data-start=\"2824\" data-end=\"2882\">Accompagnement complet : de la maquette \u00e0 la publication<\/h4><\/li><li data-start=\"2883\" data-end=\"2925\"><h4 data-start=\"2885\" data-end=\"2925\">Cr\u00e9ativit\u00e9, rigueur et souci du d\u00e9tail<\/h4><\/li><\/ul>\t\t\t\t\t\t\t\t<\/div>\n\t\t\t\t<\/div>\n\t\t\t\t\t<\/div>\n\t\t\t\t<\/div>\n\t\t<div class=\"elementor-element elementor-element-c91494f e-flex e-con-boxed e-con e-parent\" data-id=\"c91494f\" data-element_type=\"container\">\n\t\t\t\t\t<div class=\"e-con-inner\">\n\t\t\t\t<div class=\"elementor-element elementor-element-4c38e32 elementor-widget elementor-widget-text-editor\" data-id=\"4c38e32\" data-element_type=\"widget\" data-widget_type=\"text-editor.default\">\n\t\t\t\t\t\t\t\t\t<h3>Vous avez un projet ou besoin d\u2019un <strong data-start=\"2206\" data-end=\"2222\">devis rapide<\/strong> ?<br data-start=\"2224\" data-end=\"2227\" \/><a href=\"https:\/\/www.agencemediatis.com\/en\/contact\/\"><strong data-start=\"2230\" data-end=\"2275\">Contactez Agence M\u00e9diatis d\u00e8s aujourd\u2019hui<\/strong><\/a> et propulsez votre entreprise sur le web.<\/h3>\t\t\t\t\t\t\t\t<\/div>\n\t\t\t\t\t<\/div>\n\t\t\t\t<\/div>\n\t\t\t\t<\/div>","protected":false},"excerpt":{"rendered":"<p>Cr\u00e9ation et mise en page de magazines, journaux et livres \u00e0 Magog, Sherbrooke et Montr\u00e9al Chez Agence M\u00e9diatis, nous mettons plus de 20 ans d\u2019exp\u00e9rience en<span class=\"excerpt-hellip\"> [\u2026]<\/span><\/p>","protected":false},"author":1,"featured_media":67,"parent":0,"menu_order":0,"comment_status":"open","ping_status":"closed","template":"","meta":{"footnotes":""},"class_list":["post-2460","page","type-page","status-publish","has-post-thumbnail","hentry"],"yoast_head":"<!-- This site is optimized with the Yoast SEO plugin v26.7 - https:\/\/yoast.com\/wordpress\/plugins\/seo\/ -->\n<title>Cr\u00e9ation et mise en page de magazines, journaux et livres - Agence web \u00e0 Magog et Sherbrooke \u2013 Cr\u00e9ation de sites web &amp; r\u00e9f\u00e9rencement SEO | Agence M\u00e9diatis<\/title>\n<meta name=\"description\" content=\"Cr\u00e9ation et mise en page professionnelle de magazines, catalogues, journaux et livres \u00e0 Magog, Sherbrooke et Montr\u00e9al. 20 ans d\u2019exp\u00e9rience en design \u00e9ditorial.\" \/>\n<meta name=\"robots\" content=\"index, follow, max-snippet:-1, max-image-preview:large, max-video-preview:-1\" \/>\n<link rel=\"canonical\" href=\"https:\/\/www.agencemediatis.com\/en\/creation-et-mise-en-page-de-magazines-journaux-et-livres\/\" \/>\n<meta property=\"og:locale\" content=\"en_US\" \/>\n<meta property=\"og:type\" content=\"article\" \/>\n<meta property=\"og:title\" content=\"Cr\u00e9ation et mise en page de magazines, journaux et livres - Agence web \u00e0 Magog et Sherbrooke \u2013 Cr\u00e9ation de sites web &amp; r\u00e9f\u00e9rencement SEO | Agence M\u00e9diatis\" \/>\n<meta property=\"og:description\" content=\"Cr\u00e9ation et mise en page professionnelle de magazines, catalogues, journaux et livres \u00e0 Magog, Sherbrooke et Montr\u00e9al. 20 ans d\u2019exp\u00e9rience en design \u00e9ditorial.\" \/>\n<meta property=\"og:url\" content=\"https:\/\/www.agencemediatis.com\/en\/creation-et-mise-en-page-de-magazines-journaux-et-livres\/\" \/>\n<meta property=\"og:site_name\" content=\"Agence web \u00e0 Magog et Sherbrooke \u2013 Cr\u00e9ation de sites web &amp; r\u00e9f\u00e9rencement SEO | Agence M\u00e9diatis\" \/>\n<meta property=\"article:modified_time\" content=\"2025-10-10T21:31:50+00:00\" \/>\n<meta property=\"og:image\" content=\"https:\/\/www.agencemediatis.com\/wp-content\/uploads\/2015\/03\/home_webdesign_subheader_1.jpg\" \/>\n\t<meta property=\"og:image:width\" content=\"1\" \/>\n\t<meta property=\"og:image:height\" content=\"1\" \/>\n\t<meta property=\"og:image:type\" content=\"image\/jpeg\" \/>\n<meta name=\"twitter:card\" content=\"summary_large_image\" \/>\n<meta name=\"twitter:label1\" content=\"Est. reading time\" \/>\n\t<meta name=\"twitter:data1\" content=\"2 minutes\" \/>\n<script type=\"application\/ld+json\" class=\"yoast-schema-graph\">{\"@context\":\"https:\/\/schema.org\",\"@graph\":[{\"@type\":\"WebPage\",\"@id\":\"https:\/\/www.agencemediatis.com\/creation-et-mise-en-page-de-magazines-journaux-et-livres\/\",\"url\":\"https:\/\/www.agencemediatis.com\/creation-et-mise-en-page-de-magazines-journaux-et-livres\/\",\"name\":\"Cr\u00e9ation et mise en page de magazines, journaux et livres - Agence web \u00e0 Magog et Sherbrooke \u2013 Cr\u00e9ation de sites web &amp; r\u00e9f\u00e9rencement SEO | Agence M\u00e9diatis\",\"isPartOf\":{\"@id\":\"https:\/\/www.agencemediatis.com\/#website\"},\"primaryImageOfPage\":{\"@id\":\"https:\/\/www.agencemediatis.com\/creation-et-mise-en-page-de-magazines-journaux-et-livres\/#primaryimage\"},\"image\":{\"@id\":\"https:\/\/www.agencemediatis.com\/creation-et-mise-en-page-de-magazines-journaux-et-livres\/#primaryimage\"},\"thumbnailUrl\":\"https:\/\/www.agencemediatis.com\/wp-content\/uploads\/2015\/03\/home_webdesign_subheader_1.jpg\",\"datePublished\":\"2025-10-10T21:23:49+00:00\",\"dateModified\":\"2025-10-10T21:31:50+00:00\",\"description\":\"Cr\u00e9ation et mise en page professionnelle de magazines, catalogues, journaux et livres \u00e0 Magog, Sherbrooke et Montr\u00e9al. 20 ans d\u2019exp\u00e9rience en design \u00e9ditorial.\",\"breadcrumb\":{\"@id\":\"https:\/\/www.agencemediatis.com\/creation-et-mise-en-page-de-magazines-journaux-et-livres\/#breadcrumb\"},\"inLanguage\":\"en-CA\",\"potentialAction\":[{\"@type\":\"ReadAction\",\"target\":[\"https:\/\/www.agencemediatis.com\/creation-et-mise-en-page-de-magazines-journaux-et-livres\/\"]}]},{\"@type\":\"ImageObject\",\"inLanguage\":\"en-CA\",\"@id\":\"https:\/\/www.agencemediatis.com\/creation-et-mise-en-page-de-magazines-journaux-et-livres\/#primaryimage\",\"url\":\"https:\/\/www.agencemediatis.com\/wp-content\/uploads\/2015\/03\/home_webdesign_subheader_1.jpg\",\"contentUrl\":\"https:\/\/www.agencemediatis.com\/wp-content\/uploads\/2015\/03\/home_webdesign_subheader_1.jpg\"},{\"@type\":\"BreadcrumbList\",\"@id\":\"https:\/\/www.agencemediatis.com\/creation-et-mise-en-page-de-magazines-journaux-et-livres\/#breadcrumb\",\"itemListElement\":[{\"@type\":\"ListItem\",\"position\":1,\"name\":\"Accueil\",\"item\":\"https:\/\/www.agencemediatis.com\/\"},{\"@type\":\"ListItem\",\"position\":2,\"name\":\"Cr\u00e9ation et mise en page de magazines, journaux et livres\"}]},{\"@type\":\"WebSite\",\"@id\":\"https:\/\/www.agencemediatis.com\/#website\",\"url\":\"https:\/\/www.agencemediatis.com\/\",\"name\":\"Agence web \u00e0 Magog et Sherbrooke \u2013 Cr\u00e9ation de sites web &amp; r\u00e9f\u00e9rencement SEO | Agence M\u00e9diatis\",\"description\":\"\",\"potentialAction\":[{\"@type\":\"SearchAction\",\"target\":{\"@type\":\"EntryPoint\",\"urlTemplate\":\"https:\/\/www.agencemediatis.com\/?s={search_term_string}\"},\"query-input\":{\"@type\":\"PropertyValueSpecification\",\"valueRequired\":true,\"valueName\":\"search_term_string\"}}],\"inLanguage\":\"en-CA\"}]}<\/script>\n<!-- \/ Yoast SEO plugin. -->","yoast_head_json":{"title":"Cr\u00e9ation et mise en page de magazines, journaux et livres - Agence web \u00e0 Magog et Sherbrooke \u2013 Cr\u00e9ation de sites web &amp; r\u00e9f\u00e9rencement SEO | Agence M\u00e9diatis","description":"Cr\u00e9ation et mise en page professionnelle de magazines, catalogues, journaux et livres \u00e0 Magog, Sherbrooke et Montr\u00e9al. 20 ans d\u2019exp\u00e9rience en design \u00e9ditorial.","robots":{"index":"index","follow":"follow","max-snippet":"max-snippet:-1","max-image-preview":"max-image-preview:large","max-video-preview":"max-video-preview:-1"},"canonical":"https:\/\/www.agencemediatis.com\/en\/creation-et-mise-en-page-de-magazines-journaux-et-livres\/","og_locale":"en_US","og_type":"article","og_title":"Cr\u00e9ation et mise en page de magazines, journaux et livres - Agence web \u00e0 Magog et Sherbrooke \u2013 Cr\u00e9ation de sites web &amp; r\u00e9f\u00e9rencement SEO | Agence M\u00e9diatis","og_description":"Cr\u00e9ation et mise en page professionnelle de magazines, catalogues, journaux et livres \u00e0 Magog, Sherbrooke et Montr\u00e9al. 20 ans d\u2019exp\u00e9rience en design \u00e9ditorial.","og_url":"https:\/\/www.agencemediatis.com\/en\/creation-et-mise-en-page-de-magazines-journaux-et-livres\/","og_site_name":"Agence web \u00e0 Magog et Sherbrooke \u2013 Cr\u00e9ation de sites web &amp; r\u00e9f\u00e9rencement SEO | Agence M\u00e9diatis","article_modified_time":"2025-10-10T21:31:50+00:00","og_image":[{"url":"https:\/\/www.agencemediatis.com\/wp-content\/uploads\/2015\/03\/home_webdesign_subheader_1.jpg","width":1,"height":1,"type":"image\/jpeg"}],"twitter_card":"summary_large_image","twitter_misc":{"Est. reading time":"2 minutes"},"schema":{"@context":"https:\/\/schema.org","@graph":[{"@type":"WebPage","@id":"https:\/\/www.agencemediatis.com\/creation-et-mise-en-page-de-magazines-journaux-et-livres\/","url":"https:\/\/www.agencemediatis.com\/creation-et-mise-en-page-de-magazines-journaux-et-livres\/","name":"Cr\u00e9ation et mise en page de magazines, journaux et livres - Agence web \u00e0 Magog et Sherbrooke \u2013 Cr\u00e9ation de sites web &amp; r\u00e9f\u00e9rencement SEO | Agence M\u00e9diatis","isPartOf":{"@id":"https:\/\/www.agencemediatis.com\/#website"},"primaryImageOfPage":{"@id":"https:\/\/www.agencemediatis.com\/creation-et-mise-en-page-de-magazines-journaux-et-livres\/#primaryimage"},"image":{"@id":"https:\/\/www.agencemediatis.com\/creation-et-mise-en-page-de-magazines-journaux-et-livres\/#primaryimage"},"thumbnailUrl":"https:\/\/www.agencemediatis.com\/wp-content\/uploads\/2015\/03\/home_webdesign_subheader_1.jpg","datePublished":"2025-10-10T21:23:49+00:00","dateModified":"2025-10-10T21:31:50+00:00","description":"Cr\u00e9ation et mise en page professionnelle de magazines, catalogues, journaux et livres \u00e0 Magog, Sherbrooke et Montr\u00e9al. 20 ans d\u2019exp\u00e9rience en design \u00e9ditorial.","breadcrumb":{"@id":"https:\/\/www.agencemediatis.com\/creation-et-mise-en-page-de-magazines-journaux-et-livres\/#breadcrumb"},"inLanguage":"en-CA","potentialAction":[{"@type":"ReadAction","target":["https:\/\/www.agencemediatis.com\/creation-et-mise-en-page-de-magazines-journaux-et-livres\/"]}]},{"@type":"ImageObject","inLanguage":"en-CA","@id":"https:\/\/www.agencemediatis.com\/creation-et-mise-en-page-de-magazines-journaux-et-livres\/#primaryimage","url":"https:\/\/www.agencemediatis.com\/wp-content\/uploads\/2015\/03\/home_webdesign_subheader_1.jpg","contentUrl":"https:\/\/www.agencemediatis.com\/wp-content\/uploads\/2015\/03\/home_webdesign_subheader_1.jpg"},{"@type":"BreadcrumbList","@id":"https:\/\/www.agencemediatis.com\/creation-et-mise-en-page-de-magazines-journaux-et-livres\/#breadcrumb","itemListElement":[{"@type":"ListItem","position":1,"name":"Accueil","item":"https:\/\/www.agencemediatis.com\/"},{"@type":"ListItem","position":2,"name":"Cr\u00e9ation et mise en page de magazines, journaux et livres"}]},{"@type":"WebSite","@id":"https:\/\/www.agencemediatis.com\/#website","url":"https:\/\/www.agencemediatis.com\/","name":"Agence web \u00e0 Magog et Sherbrooke \u2013 Cr\u00e9ation de sites web &amp; r\u00e9f\u00e9rencement SEO | Agence M\u00e9diatis","description":"","potentialAction":[{"@type":"SearchAction","target":{"@type":"EntryPoint","urlTemplate":"https:\/\/www.agencemediatis.com\/?s={search_term_string}"},"query-input":{"@type":"PropertyValueSpecification","valueRequired":true,"valueName":"search_term_string"}}],"inLanguage":"en-CA"}]}},"_links":{"self":[{"href":"https:\/\/www.agencemediatis.com\/en\/wp-json\/wp\/v2\/pages\/2460","targetHints":{"allow":["GET"]}}],"collection":[{"href":"https:\/\/www.agencemediatis.com\/en\/wp-json\/wp\/v2\/pages"}],"about":[{"href":"https:\/\/www.agencemediatis.com\/en\/wp-json\/wp\/v2\/types\/page"}],"author":[{"embeddable":true,"href":"https:\/\/www.agencemediatis.com\/en\/wp-json\/wp\/v2\/users\/1"}],"replies":[{"embeddable":true,"href":"https:\/\/www.agencemediatis.com\/en\/wp-json\/wp\/v2\/comments?post=2460"}],"version-history":[{"count":8,"href":"https:\/\/www.agencemediatis.com\/en\/wp-json\/wp\/v2\/pages\/2460\/revisions"}],"predecessor-version":[{"id":2469,"href":"https:\/\/www.agencemediatis.com\/en\/wp-json\/wp\/v2\/pages\/2460\/revisions\/2469"}],"wp:featuredmedia":[{"embeddable":true,"href":"https:\/\/www.agencemediatis.com\/en\/wp-json\/wp\/v2\/media\/67"}],"wp:attachment":[{"href":"https:\/\/www.agencemediatis.com\/en\/wp-json\/wp\/v2\/media?parent=2460"}],"curies":[{"name":"wp","href":"https:\/\/api.w.org\/{rel}","templated":true}]}}