{"id":36,"date":"2015-03-12T12:17:48","date_gmt":"2015-03-12T16:17:48","guid":{"rendered":"https:\/\/pascalcaillens.com\/?page_id=36"},"modified":"2025-10-10T17:04:41","modified_gmt":"2025-10-10T21:04:41","slug":"a-propos","status":"publish","type":"page","link":"https:\/\/www.agencemediatis.com\/fr\/a-propos\/","title":{"rendered":"\u00c0 PROPOS"},"content":{"rendered":"<div data-elementor-type=\"wp-page\" data-elementor-id=\"36\" class=\"elementor elementor-36\" data-elementor-post-type=\"page\">\n\t\t\t\t<div class=\"elementor-element elementor-element-125ae1a e-flex e-con-boxed e-con e-parent\" data-id=\"125ae1a\" data-element_type=\"container\">\n\t\t\t\t\t<div class=\"e-con-inner\">\n\t\t\t\t<div class=\"elementor-element elementor-element-5f97014 elementor-widget elementor-widget-text-editor\" data-id=\"5f97014\" data-element_type=\"widget\" data-widget_type=\"text-editor.default\">\n\t\t\t\t\t\t\t\t\t<h3><strong>Agence M\u00e9diatis<\/strong>, experts en cr\u00e9ation web et r\u00e9f\u00e9rencement au Qu\u00e9bec<\/h3>\t\t\t\t\t\t\t\t<\/div>\n\t\t\t\t\t<\/div>\n\t\t\t\t<\/div>\n\t\t<div class=\"elementor-element elementor-element-0b228b3 e-flex e-con-boxed e-con e-parent\" data-id=\"0b228b3\" data-element_type=\"container\">\n\t\t\t\t\t<div class=\"e-con-inner\">\n\t\t<div class=\"elementor-element elementor-element-9bf8746 e-con-full e-flex e-con e-child\" data-id=\"9bf8746\" data-element_type=\"container\">\n\t\t\t\t<div class=\"elementor-element elementor-element-183f530 elementor-widget elementor-widget-image\" data-id=\"183f530\" data-element_type=\"widget\" data-widget_type=\"image.default\">\n\t\t\t\t\t\t\t\t\t\t\t\t\t\t\t<img fetchpriority=\"high\" decoding=\"async\" width=\"1200\" height=\"1600\" src=\"https:\/\/www.agencemediatis.com\/wp-content\/uploads\/2023\/10\/pascal.jpg\" class=\"attachment-full size-full wp-image-2265\" alt=\"\" srcset=\"https:\/\/www.agencemediatis.com\/wp-content\/uploads\/2023\/10\/pascal.jpg 1200w, https:\/\/www.agencemediatis.com\/wp-content\/uploads\/2023\/10\/pascal-375x500.jpg 375w, https:\/\/www.agencemediatis.com\/wp-content\/uploads\/2023\/10\/pascal-900x1200.jpg 900w, https:\/\/www.agencemediatis.com\/wp-content\/uploads\/2023\/10\/pascal-225x300.jpg 225w, https:\/\/www.agencemediatis.com\/wp-content\/uploads\/2023\/10\/pascal-768x1024.jpg 768w, https:\/\/www.agencemediatis.com\/wp-content\/uploads\/2023\/10\/pascal-1152x1536.jpg 1152w, https:\/\/www.agencemediatis.com\/wp-content\/uploads\/2023\/10\/pascal-56x75.jpg 56w, https:\/\/www.agencemediatis.com\/wp-content\/uploads\/2023\/10\/pascal-480x640.jpg 480w\" sizes=\"(max-width: 1200px) 100vw, 1200px\" \/>\t\t\t\t\t\t\t\t\t\t\t\t\t\t\t<\/div>\n\t\t\t\t<div class=\"elementor-element elementor-element-6fde905 elementor-widget elementor-widget-text-editor\" data-id=\"6fde905\" data-element_type=\"widget\" data-widget_type=\"text-editor.default\">\n\t\t\t\t\t\t\t\t\t<p>Pascal CAILLENS &#8211; Pr\u00e9sident et Directeur Artistique<\/p>\t\t\t\t\t\t\t\t<\/div>\n\t\t\t\t<\/div>\n\t\t<div class=\"elementor-element elementor-element-31927c7 e-con-full e-flex e-con e-child\" data-id=\"31927c7\" data-element_type=\"container\">\n\t\t\t\t<div class=\"elementor-element elementor-element-938d6d4 elementor-widget elementor-widget-text-editor\" data-id=\"938d6d4\" data-element_type=\"widget\" data-widget_type=\"text-editor.default\">\n\t\t\t\t\t\t\t\t\t<h4 data-start=\"2995\" data-end=\"3363\">Depuis plus de deux d\u00e9cennies, <strong data-start=\"3026\" data-end=\"3045\">Agence M\u00e9diatis<\/strong> aide les entreprises du <strong data-start=\"3070\" data-end=\"3108\">Qu\u00e9bec, de l\u2019Estrie et de Montr\u00e9al<\/strong> \u00e0 b\u00e2tir une image forte et une pr\u00e9sence en ligne percutante.<br data-start=\"3169\" data-end=\"3172\" \/>Nous mettons notre <strong data-start=\"3191\" data-end=\"3239\">exp\u00e9rience, notre cr\u00e9ativit\u00e9 et notre \u00e9coute<\/strong> au service de chaque client \u2014 qu\u2019il s\u2019agisse d\u2019un travailleur autonome, d\u2019une PME ou d\u2019une entreprise en pleine croissance.<\/h4><h4 data-start=\"3365\" data-end=\"3675\">Notre mission est simple : <strong data-start=\"3392\" data-end=\"3456\">cr\u00e9er des sites web professionnels, esth\u00e9tiques et rentables<\/strong>, tout en optimisant leur <strong data-start=\"3482\" data-end=\"3507\">visibilit\u00e9 sur Google<\/strong>.<br data-start=\"3508\" data-end=\"3511\" \/>Gr\u00e2ce \u00e0 une approche humaine et personnalis\u00e9e, nous assurons un accompagnement complet : <strong data-start=\"3600\" data-end=\"3674\">analyse des besoins, conception, mise en ligne, r\u00e9f\u00e9rencement et suivi<\/strong>.<\/h4>\t\t\t\t\t\t\t\t<\/div>\n\t\t\t\t<\/div>\n\t\t\t\t\t<\/div>\n\t\t\t\t<\/div>\n\t\t<div class=\"elementor-element elementor-element-3bf05a0 e-flex e-con-boxed e-con e-parent\" data-id=\"3bf05a0\" data-element_type=\"container\">\n\t\t\t\t\t<div class=\"e-con-inner\">\n\t\t\t\t<div class=\"elementor-element elementor-element-549257d elementor-widget elementor-widget-text-editor\" data-id=\"549257d\" data-element_type=\"widget\" data-widget_type=\"text-editor.default\">\n\t\t\t\t\t\t\t\t\t<h3><strong>Nous offrons une gamme compl\u00e8te de solutions :<\/strong><\/h3>\t\t\t\t\t\t\t\t<\/div>\n\t\t\t\t\t<\/div>\n\t\t\t\t<\/div>\n\t\t<div class=\"elementor-element elementor-element-95e7b20 e-flex e-con-boxed e-con e-parent\" data-id=\"95e7b20\" data-element_type=\"container\">\n\t\t\t\t\t<div class=\"e-con-inner\">\n\t\t<div class=\"elementor-element elementor-element-b02d067 e-con-full e-flex e-con e-child\" data-id=\"b02d067\" data-element_type=\"container\">\n\t\t\t\t<div class=\"elementor-element elementor-element-ecdb6ab elementor-widget elementor-widget-text-editor\" data-id=\"ecdb6ab\" data-element_type=\"widget\" data-widget_type=\"text-editor.default\">\n\t\t\t\t\t\t\t\t\t<ul data-start=\"3724\" data-end=\"3916\"><li data-start=\"3724\" data-end=\"3761\"><h4 data-start=\"3726\" data-end=\"3761\"><strong>Identit\u00e9 visuelle et branding<\/strong><\/h4><\/li><li data-start=\"3762\" data-end=\"3818\"><h4 data-start=\"3764\" data-end=\"3818\"><strong>Cr\u00e9ation de sites vitrines et boutiques en ligne<\/strong><\/h4><\/li><li data-start=\"3819\" data-end=\"3873\"><h4 data-start=\"3821\" data-end=\"3873\"><strong>Marketing num\u00e9rique et r\u00e9f\u00e9rencement SEO local<\/strong><\/h4><\/li><li data-start=\"3874\" data-end=\"3916\"><h4 data-start=\"3876\" data-end=\"3916\"><strong>Support, maintenance et mises \u00e0 jour<\/strong><\/h4><\/li><\/ul><h4 data-start=\"3918\" data-end=\"4131\">Bas\u00e9s \u00e0 <strong data-start=\"3926\" data-end=\"3935\">Magog<\/strong>, nous collaborons avec des clients \u00e0 <strong data-start=\"3973\" data-end=\"4005\">Sherbrooke, Montr\u00e9al, Qu\u00e9bec<\/strong> et m\u00eame \u00e0 l\u2019international. Notre r\u00e9putation repose sur notre <strong data-start=\"4067\" data-end=\"4130\">rigueur, notre r\u00e9activit\u00e9 et la qualit\u00e9 de nos r\u00e9alisations<\/strong>.<\/h4><h4 data-start=\"3918\" data-end=\"4131\">Chez M\u00e9diatis, chaque projet est unique \u2014 mais l\u2019objectif reste le m\u00eame : <strong data-start=\"4207\" data-end=\"4278\">offrir \u00e0 nos clients des r\u00e9sultats concrets, mesurables et durables<\/strong>.<\/h4>\t\t\t\t\t\t\t\t<\/div>\n\t\t\t\t<\/div>\n\t\t<div class=\"elementor-element elementor-element-1388974 e-con-full e-flex e-con e-child\" data-id=\"1388974\" data-element_type=\"container\">\n\t\t\t\t<div class=\"elementor-element elementor-element-a5661c5 elementor-widget elementor-widget-image\" data-id=\"a5661c5\" data-element_type=\"widget\" data-widget_type=\"image.default\">\n\t\t\t\t\t\t\t\t\t\t\t\t\t\t\t<img decoding=\"async\" width=\"576\" height=\"298\" src=\"https:\/\/www.agencemediatis.com\/wp-content\/uploads\/2023\/10\/identite-visuelle.jpg\" class=\"attachment-full size-full wp-image-2242\" alt=\"\" srcset=\"https:\/\/www.agencemediatis.com\/wp-content\/uploads\/2023\/10\/identite-visuelle.jpg 576w, https:\/\/www.agencemediatis.com\/wp-content\/uploads\/2023\/10\/identite-visuelle-500x259.jpg 500w, https:\/\/www.agencemediatis.com\/wp-content\/uploads\/2023\/10\/identite-visuelle-300x155.jpg 300w, https:\/\/www.agencemediatis.com\/wp-content\/uploads\/2023\/10\/identite-visuelle-145x75.jpg 145w, https:\/\/www.agencemediatis.com\/wp-content\/uploads\/2023\/10\/identite-visuelle-480x248.jpg 480w\" sizes=\"(max-width: 576px) 100vw, 576px\" \/>\t\t\t\t\t\t\t\t\t\t\t\t\t\t\t<\/div>\n\t\t\t\t<div class=\"elementor-element elementor-element-333a724 elementor-widget elementor-widget-image\" data-id=\"333a724\" data-element_type=\"widget\" data-widget_type=\"image.default\">\n\t\t\t\t\t\t\t\t\t\t\t\t\t\t\t<img decoding=\"async\" width=\"576\" height=\"298\" src=\"https:\/\/www.agencemediatis.com\/wp-content\/uploads\/2023\/10\/site-web-vitrine.jpg\" class=\"attachment-full size-full wp-image-2245\" alt=\"\" srcset=\"https:\/\/www.agencemediatis.com\/wp-content\/uploads\/2023\/10\/site-web-vitrine.jpg 576w, https:\/\/www.agencemediatis.com\/wp-content\/uploads\/2023\/10\/site-web-vitrine-500x259.jpg 500w, https:\/\/www.agencemediatis.com\/wp-content\/uploads\/2023\/10\/site-web-vitrine-300x155.jpg 300w, https:\/\/www.agencemediatis.com\/wp-content\/uploads\/2023\/10\/site-web-vitrine-145x75.jpg 145w, https:\/\/www.agencemediatis.com\/wp-content\/uploads\/2023\/10\/site-web-vitrine-480x248.jpg 480w\" sizes=\"(max-width: 576px) 100vw, 576px\" \/>\t\t\t\t\t\t\t\t\t\t\t\t\t\t\t<\/div>\n\t\t\t\t<\/div>\n\t\t\t\t\t<\/div>\n\t\t\t\t<\/div>\n\t\t<div class=\"elementor-element elementor-element-c91494f e-flex e-con-boxed e-con e-parent\" data-id=\"c91494f\" data-element_type=\"container\">\n\t\t\t\t\t<div class=\"e-con-inner\">\n\t\t\t\t<div class=\"elementor-element elementor-element-4c38e32 elementor-widget elementor-widget-text-editor\" data-id=\"4c38e32\" data-element_type=\"widget\" data-widget_type=\"text-editor.default\">\n\t\t\t\t\t\t\t\t\t<h3>Vous avez un projet ou besoin d\u2019un <strong data-start=\"2206\" data-end=\"2222\">devis rapide<\/strong> ?<br data-start=\"2224\" data-end=\"2227\" \/><a href=\"https:\/\/www.agencemediatis.com\/fr\/contact\/\"><strong data-start=\"2230\" data-end=\"2275\">Contactez Agence M\u00e9diatis d\u00e8s aujourd\u2019hui<\/strong><\/a> et propulsez votre entreprise sur le web.<\/h3>\t\t\t\t\t\t\t\t<\/div>\n\t\t\t\t\t<\/div>\n\t\t\t\t<\/div>\n\t\t\t\t<\/div>","protected":false},"excerpt":{"rendered":"<p>Agence M\u00e9diatis, experts en cr\u00e9ation web et r\u00e9f\u00e9rencement au Qu\u00e9bec Pascal CAILLENS &#8211; Pr\u00e9sident et Directeur Artistique Depuis plus de deux d\u00e9cennies, Agence M\u00e9diatis aide les<span class=\"excerpt-hellip\"> [\u2026]<\/span><\/p>","protected":false},"author":1,"featured_media":67,"parent":0,"menu_order":0,"comment_status":"open","ping_status":"closed","template":"","meta":{"footnotes":""},"class_list":["post-36","page","type-page","status-publish","has-post-thumbnail","hentry"],"yoast_head":"<!-- This site is optimized with the Yoast SEO plugin v26.7 - https:\/\/yoast.com\/wordpress\/plugins\/seo\/ -->\n<title>\u00c0 PROPOS - Agence web \u00e0 Magog et Sherbrooke \u2013 Cr\u00e9ation de sites web &amp; r\u00e9f\u00e9rencement SEO | Agence M\u00e9diatis<\/title>\n<meta name=\"description\" content=\"Depuis plus de 20 ans, Agence M\u00e9diatis accompagne les entreprises du Qu\u00e9bec, de Magog et Sherbrooke dans la cr\u00e9ation de sites web professionnels et le r\u00e9f\u00e9rencement SEO.\" \/>\n<meta name=\"robots\" content=\"index, follow, max-snippet:-1, max-image-preview:large, max-video-preview:-1\" \/>\n<link rel=\"canonical\" href=\"https:\/\/www.agencemediatis.com\/fr\/a-propos\/\" \/>\n<meta property=\"og:locale\" content=\"fr_FR\" \/>\n<meta property=\"og:type\" content=\"article\" \/>\n<meta property=\"og:title\" content=\"\u00c0 PROPOS - Agence web \u00e0 Magog et Sherbrooke \u2013 Cr\u00e9ation de sites web &amp; r\u00e9f\u00e9rencement SEO | Agence M\u00e9diatis\" \/>\n<meta property=\"og:description\" content=\"Depuis plus de 20 ans, Agence M\u00e9diatis accompagne les entreprises du Qu\u00e9bec, de Magog et Sherbrooke dans la cr\u00e9ation de sites web professionnels et le r\u00e9f\u00e9rencement SEO.\" \/>\n<meta property=\"og:url\" content=\"https:\/\/www.agencemediatis.com\/fr\/a-propos\/\" \/>\n<meta property=\"og:site_name\" content=\"Agence web \u00e0 Magog et Sherbrooke \u2013 Cr\u00e9ation de sites web &amp; r\u00e9f\u00e9rencement SEO | Agence M\u00e9diatis\" \/>\n<meta property=\"article:modified_time\" content=\"2025-10-10T21:04:41+00:00\" \/>\n<meta property=\"og:image\" content=\"https:\/\/www.agencemediatis.com\/wp-content\/uploads\/2015\/03\/home_webdesign_subheader_1.jpg\" \/>\n\t<meta property=\"og:image:width\" content=\"1\" \/>\n\t<meta property=\"og:image:height\" content=\"1\" \/>\n\t<meta property=\"og:image:type\" content=\"image\/jpeg\" \/>\n<meta name=\"twitter:card\" content=\"summary_large_image\" \/>\n<meta name=\"twitter:label1\" content=\"Dur\u00e9e de lecture estim\u00e9e\" \/>\n\t<meta name=\"twitter:data1\" content=\"2 minutes\" \/>\n<script type=\"application\/ld+json\" class=\"yoast-schema-graph\">{\"@context\":\"https:\/\/schema.org\",\"@graph\":[{\"@type\":\"WebPage\",\"@id\":\"https:\/\/www.agencemediatis.com\/a-propos\/\",\"url\":\"https:\/\/www.agencemediatis.com\/a-propos\/\",\"name\":\"\u00c0 PROPOS - Agence web \u00e0 Magog et Sherbrooke \u2013 Cr\u00e9ation de sites web &amp; r\u00e9f\u00e9rencement SEO | Agence M\u00e9diatis\",\"isPartOf\":{\"@id\":\"https:\/\/www.agencemediatis.com\/#website\"},\"primaryImageOfPage\":{\"@id\":\"https:\/\/www.agencemediatis.com\/a-propos\/#primaryimage\"},\"image\":{\"@id\":\"https:\/\/www.agencemediatis.com\/a-propos\/#primaryimage\"},\"thumbnailUrl\":\"https:\/\/www.agencemediatis.com\/wp-content\/uploads\/2015\/03\/home_webdesign_subheader_1.jpg\",\"datePublished\":\"2015-03-12T16:17:48+00:00\",\"dateModified\":\"2025-10-10T21:04:41+00:00\",\"description\":\"Depuis plus de 20 ans, Agence M\u00e9diatis accompagne les entreprises du Qu\u00e9bec, de Magog et Sherbrooke dans la cr\u00e9ation de sites web professionnels et le r\u00e9f\u00e9rencement SEO.\",\"breadcrumb\":{\"@id\":\"https:\/\/www.agencemediatis.com\/a-propos\/#breadcrumb\"},\"inLanguage\":\"fr-FR\",\"potentialAction\":[{\"@type\":\"ReadAction\",\"target\":[\"https:\/\/www.agencemediatis.com\/a-propos\/\"]}]},{\"@type\":\"ImageObject\",\"inLanguage\":\"fr-FR\",\"@id\":\"https:\/\/www.agencemediatis.com\/a-propos\/#primaryimage\",\"url\":\"https:\/\/www.agencemediatis.com\/wp-content\/uploads\/2015\/03\/home_webdesign_subheader_1.jpg\",\"contentUrl\":\"https:\/\/www.agencemediatis.com\/wp-content\/uploads\/2015\/03\/home_webdesign_subheader_1.jpg\"},{\"@type\":\"BreadcrumbList\",\"@id\":\"https:\/\/www.agencemediatis.com\/a-propos\/#breadcrumb\",\"itemListElement\":[{\"@type\":\"ListItem\",\"position\":1,\"name\":\"Accueil\",\"item\":\"https:\/\/www.agencemediatis.com\/\"},{\"@type\":\"ListItem\",\"position\":2,\"name\":\"\u00c0 PROPOS\"}]},{\"@type\":\"WebSite\",\"@id\":\"https:\/\/www.agencemediatis.com\/#website\",\"url\":\"https:\/\/www.agencemediatis.com\/\",\"name\":\"Agence web \u00e0 Magog et Sherbrooke \u2013 Cr\u00e9ation de sites web &amp; r\u00e9f\u00e9rencement SEO | Agence M\u00e9diatis\",\"description\":\"\",\"potentialAction\":[{\"@type\":\"SearchAction\",\"target\":{\"@type\":\"EntryPoint\",\"urlTemplate\":\"https:\/\/www.agencemediatis.com\/?s={search_term_string}\"},\"query-input\":{\"@type\":\"PropertyValueSpecification\",\"valueRequired\":true,\"valueName\":\"search_term_string\"}}],\"inLanguage\":\"fr-FR\"}]}<\/script>\n<!-- \/ Yoast SEO plugin. -->","yoast_head_json":{"title":"\u00c0 PROPOS - Agence web \u00e0 Magog et Sherbrooke \u2013 Cr\u00e9ation de sites web &amp; r\u00e9f\u00e9rencement SEO | Agence M\u00e9diatis","description":"Depuis plus de 20 ans, Agence M\u00e9diatis accompagne les entreprises du Qu\u00e9bec, de Magog et Sherbrooke dans la cr\u00e9ation de sites web professionnels et le r\u00e9f\u00e9rencement SEO.","robots":{"index":"index","follow":"follow","max-snippet":"max-snippet:-1","max-image-preview":"max-image-preview:large","max-video-preview":"max-video-preview:-1"},"canonical":"https:\/\/www.agencemediatis.com\/fr\/a-propos\/","og_locale":"fr_FR","og_type":"article","og_title":"\u00c0 PROPOS - Agence web \u00e0 Magog et Sherbrooke \u2013 Cr\u00e9ation de sites web &amp; r\u00e9f\u00e9rencement SEO | Agence M\u00e9diatis","og_description":"Depuis plus de 20 ans, Agence M\u00e9diatis accompagne les entreprises du Qu\u00e9bec, de Magog et Sherbrooke dans la cr\u00e9ation de sites web professionnels et le r\u00e9f\u00e9rencement SEO.","og_url":"https:\/\/www.agencemediatis.com\/fr\/a-propos\/","og_site_name":"Agence web \u00e0 Magog et Sherbrooke \u2013 Cr\u00e9ation de sites web &amp; r\u00e9f\u00e9rencement SEO | Agence M\u00e9diatis","article_modified_time":"2025-10-10T21:04:41+00:00","og_image":[{"url":"https:\/\/www.agencemediatis.com\/wp-content\/uploads\/2015\/03\/home_webdesign_subheader_1.jpg","width":1,"height":1,"type":"image\/jpeg"}],"twitter_card":"summary_large_image","twitter_misc":{"Dur\u00e9e de lecture estim\u00e9e":"2 minutes"},"schema":{"@context":"https:\/\/schema.org","@graph":[{"@type":"WebPage","@id":"https:\/\/www.agencemediatis.com\/a-propos\/","url":"https:\/\/www.agencemediatis.com\/a-propos\/","name":"\u00c0 PROPOS - Agence web \u00e0 Magog et Sherbrooke \u2013 Cr\u00e9ation de sites web &amp; r\u00e9f\u00e9rencement SEO | Agence M\u00e9diatis","isPartOf":{"@id":"https:\/\/www.agencemediatis.com\/#website"},"primaryImageOfPage":{"@id":"https:\/\/www.agencemediatis.com\/a-propos\/#primaryimage"},"image":{"@id":"https:\/\/www.agencemediatis.com\/a-propos\/#primaryimage"},"thumbnailUrl":"https:\/\/www.agencemediatis.com\/wp-content\/uploads\/2015\/03\/home_webdesign_subheader_1.jpg","datePublished":"2015-03-12T16:17:48+00:00","dateModified":"2025-10-10T21:04:41+00:00","description":"Depuis plus de 20 ans, Agence M\u00e9diatis accompagne les entreprises du Qu\u00e9bec, de Magog et Sherbrooke dans la cr\u00e9ation de sites web professionnels et le r\u00e9f\u00e9rencement SEO.","breadcrumb":{"@id":"https:\/\/www.agencemediatis.com\/a-propos\/#breadcrumb"},"inLanguage":"fr-FR","potentialAction":[{"@type":"ReadAction","target":["https:\/\/www.agencemediatis.com\/a-propos\/"]}]},{"@type":"ImageObject","inLanguage":"fr-FR","@id":"https:\/\/www.agencemediatis.com\/a-propos\/#primaryimage","url":"https:\/\/www.agencemediatis.com\/wp-content\/uploads\/2015\/03\/home_webdesign_subheader_1.jpg","contentUrl":"https:\/\/www.agencemediatis.com\/wp-content\/uploads\/2015\/03\/home_webdesign_subheader_1.jpg"},{"@type":"BreadcrumbList","@id":"https:\/\/www.agencemediatis.com\/a-propos\/#breadcrumb","itemListElement":[{"@type":"ListItem","position":1,"name":"Accueil","item":"https:\/\/www.agencemediatis.com\/"},{"@type":"ListItem","position":2,"name":"\u00c0 PROPOS"}]},{"@type":"WebSite","@id":"https:\/\/www.agencemediatis.com\/#website","url":"https:\/\/www.agencemediatis.com\/","name":"Agence web \u00e0 Magog et Sherbrooke \u2013 Cr\u00e9ation de sites web &amp; r\u00e9f\u00e9rencement SEO | Agence M\u00e9diatis","description":"","potentialAction":[{"@type":"SearchAction","target":{"@type":"EntryPoint","urlTemplate":"https:\/\/www.agencemediatis.com\/?s={search_term_string}"},"query-input":{"@type":"PropertyValueSpecification","valueRequired":true,"valueName":"search_term_string"}}],"inLanguage":"fr-FR"}]}},"_links":{"self":[{"href":"https:\/\/www.agencemediatis.com\/fr\/wp-json\/wp\/v2\/pages\/36","targetHints":{"allow":["GET"]}}],"collection":[{"href":"https:\/\/www.agencemediatis.com\/fr\/wp-json\/wp\/v2\/pages"}],"about":[{"href":"https:\/\/www.agencemediatis.com\/fr\/wp-json\/wp\/v2\/types\/page"}],"author":[{"embeddable":true,"href":"https:\/\/www.agencemediatis.com\/fr\/wp-json\/wp\/v2\/users\/1"}],"replies":[{"embeddable":true,"href":"https:\/\/www.agencemediatis.com\/fr\/wp-json\/wp\/v2\/comments?post=36"}],"version-history":[{"count":21,"href":"https:\/\/www.agencemediatis.com\/fr\/wp-json\/wp\/v2\/pages\/36\/revisions"}],"predecessor-version":[{"id":2449,"href":"https:\/\/www.agencemediatis.com\/fr\/wp-json\/wp\/v2\/pages\/36\/revisions\/2449"}],"wp:featuredmedia":[{"embeddable":true,"href":"https:\/\/www.agencemediatis.com\/fr\/wp-json\/wp\/v2\/media\/67"}],"wp:attachment":[{"href":"https:\/\/www.agencemediatis.com\/fr\/wp-json\/wp\/v2\/media?parent=36"}],"curies":[{"name":"wp","href":"https:\/\/api.w.org\/{rel}","templated":true}]}}